{"id":115,"date":"2018-06-04T11:56:18","date_gmt":"2018-06-04T09:56:18","guid":{"rendered":"http:\/\/math-diism.univpm.it\/gedo2018\/?page_id=115"},"modified":"2018-09-12T17:02:14","modified_gmt":"2018-09-12T15:02:14","slug":"partecipanti","status":"publish","type":"page","link":"https:\/\/math-diism.univpm.it\/gedo2018\/partecipanti\/","title":{"rendered":"Partecipanti"},"content":{"rendered":"<p>Flaviano Battelli (Universit\u00e0 Politecnica delle Marche)<\/p>\n<p>Irene Benedetti (Universit\u00e0 di Perugia)<\/p>\n<p>Stefano Biagi (Universit\u00e0 Politecnica delle Marche)<\/p>\n<p>Luca Bisconti (Universit\u00e0 di Firenze)<\/p>\n<p>Gabriele Bonanno (Universit\u00e0 di Messina)<\/p>\n<p>Alessandro Calamai (Universit\u00e0 Politecnica delle Marche)<\/p>\n<p>Pasquale Candito (Universit\u00e0 Mediterranea Reggio Calabria)<\/p>\n<p>Tiziana Cardinali (Universit\u00e0 di Perugia)<\/p>\n<p>Antonia Chinn\u00ec (Universit\u00e0 di Messina)<\/p>\n<p>Filomena Cianciaruso (Universit\u00e0 della Calabria)<\/p>\n<p>Vittorio Colao (Universit\u00e0 della Calabria)<\/p>\n<p>Chiara Corsato (Universit\u00e0 di Trieste)<\/p>\n<p>Giuseppina D\u2019Agu\u00ec (Universit\u00e0 di Messina)<\/p>\n<p>Francesca Dalbono (Universit\u00e0 di Palermo)<\/p>\n<p>Beatrice Di Bella (Universit\u00e0 di Messina)<\/p>\n<p>Tobia Dond\u00e8 (Universit\u00e0 di Udine)<\/p>\n<p>Roberta Fabbri (Universit\u00e0 di Firenze)<\/p>\n<p>Alessandro Fonda (Universit\u00e0 di Trieste)<\/p>\n<p>Matteo Franca (Universit\u00e0 Politecnica delle Marche)<\/p>\n<p>Oltiana Gjata (Universit\u00e0 di Udine)<\/p>\n<p>Luca Guerrini (Universit\u00e0 Politecnica delle Marche)<\/p>\n<p>Gennaro Infante (Universit\u00e0 della Calabria)<\/p>\n<p>Roberto Livrea (Universit\u00e0 di Palermo)<\/p>\n<p>Luisa Malaguti (Universit\u00e0 di Modena e Reggio Emilia)<\/p>\n<p>Salvatore Marano (Universit\u00e0 di Catania)<\/p>\n<p>Cristina Marcelli (Universit\u00e0 Politecnica delle Marche)<\/p>\n<p>Serena Matucci (Universit\u00e0 di Firenze)<\/p>\n<p>Sunra Mosconi (Universit\u00e0 di Catania)<\/p>\n<p>Luigi Muglia (Universit\u00e0 della Calabria)<\/p>\n<p>Pierpaolo Omari (Universit\u00e0 di Trieste)<\/p>\n<p>Duccio Papini (Universit\u00e0 di Udine)<\/p>\n<p>Maria Patrizia Pera (Universit\u00e0 di Firenze)<\/p>\n<p>Paola Rubbioni (Universit\u00e0 di Perugia)<\/p>\n<p>Marco Sabatini (Universit\u00e0 degli Studi di Trento)<\/p>\n<p>Angela Sciammetta (Universit\u00e0 di Palermo)<\/p>\n<p>Andrea Sfecci (Universit\u00e0 Politecnica delle Marche)<\/p>\n<p>Elisa Sovrano (Universit\u00e0 di Porto, Portogallo)<\/p>\n<p>Marco Spadini (Universit\u00e0 di Firenze)<\/p>\n<p>Valentina Taddei (Universit\u00e0 di Modena e Reggio Emilia)<\/p>\n<p>Elisabetta Tornatore (Universit\u00e0 di Palermo)<\/p>\n<p>Gabriele Villari (Universit\u00e0 di Firenze)<\/p>\n<p>Massimo Villarini (Universit\u00e0 di Modena e Reggio Emilia)<\/p>\n<p>Fabio Zanolin (Universit\u00e0 di Udine)<\/p>\n<p>&nbsp;<\/p>\n<p>&nbsp;<\/p>\n<p>&nbsp;<\/p>\n<p>&nbsp;<\/p>\n<p>&nbsp;<\/p>\n","protected":false},"excerpt":{"rendered":"<p>Flaviano Battelli (Universit\u00e0 Politecnica delle Marche) Irene Benedetti (Universit\u00e0 di Perugia) Stefano Biagi (Universit\u00e0 Politecnica delle Marche) Luca Bisconti (Universit\u00e0 di Firenze) Gabriele Bonanno (Universit\u00e0 di Messina) Alessandro Calamai (Universit\u00e0 Politecnica delle Marche) Pasquale Candito (Universit\u00e0 Mediterranea Reggio Calabria) Tiziana &hellip; <a href=\"https:\/\/math-diism.univpm.it\/gedo2018\/partecipanti\/\">Continue reading <span class=\"meta-nav\">&rarr;<\/span><\/a><\/p>\n","protected":false},"author":23,"featured_media":0,"parent":0,"menu_order":0,"comment_status":"closed","ping_status":"closed","template":"","meta":{"footnotes":""},"class_list":["post-115","page","type-page","status-publish","hentry"],"_links":{"self":[{"href":"https:\/\/math-diism.univpm.it\/gedo2018\/wp-json\/wp\/v2\/pages\/115","targetHints":{"allow":["GET"]}}],"collection":[{"href":"https:\/\/math-diism.univpm.it\/gedo2018\/wp-json\/wp\/v2\/pages"}],"about":[{"href":"https:\/\/math-diism.univpm.it\/gedo2018\/wp-json\/wp\/v2\/types\/page"}],"author":[{"embeddable":true,"href":"https:\/\/math-diism.univpm.it\/gedo2018\/wp-json\/wp\/v2\/users\/23"}],"replies":[{"embeddable":true,"href":"https:\/\/math-diism.univpm.it\/gedo2018\/wp-json\/wp\/v2\/comments?post=115"}],"version-history":[{"count":14,"href":"https:\/\/math-diism.univpm.it\/gedo2018\/wp-json\/wp\/v2\/pages\/115\/revisions"}],"predecessor-version":[{"id":174,"href":"https:\/\/math-diism.univpm.it\/gedo2018\/wp-json\/wp\/v2\/pages\/115\/revisions\/174"}],"wp:attachment":[{"href":"https:\/\/math-diism.univpm.it\/gedo2018\/wp-json\/wp\/v2\/media?parent=115"}],"curies":[{"name":"wp","href":"https:\/\/api.w.org\/{rel}","templated":true}]}}